{"id":17,"date":"2025-01-27T08:51:41","date_gmt":"2025-01-27T07:51:41","guid":{"rendered":"https:\/\/ciabatiska.com\/?page_id=17"},"modified":"2025-07-16T15:01:04","modified_gmt":"2025-07-16T13:01:04","slug":"privacidad","status":"publish","type":"page","link":"https:\/\/ciabatiska.com\/ca\/privacidad\/","title":{"rendered":"Pol\u00edtica de privadesa"},"content":{"rendered":"<div data-elementor-type=\"wp-page\" data-elementor-id=\"17\" class=\"elementor elementor-17\" data-elementor-post-type=\"page\">\n\t\t\t\t<div class=\"elementor-element elementor-element-5519484 e-flex e-con-boxed e-con e-parent\" data-id=\"5519484\" data-element_type=\"container\" data-e-type=\"container\">\n\t\t\t\t\t<div class=\"e-con-inner\">\n\t\t\t\t<div class=\"elementor-element elementor-element-6b93a0b elementor-widget elementor-widget-heading\" data-id=\"6b93a0b\" data-element_type=\"widget\" data-e-type=\"widget\" data-widget_type=\"heading.default\">\n\t\t\t\t<div class=\"elementor-widget-container\">\n\t\t\t\t\t<h1 class=\"elementor-heading-title elementor-size-default\">Pol\u00edtica de privadesa<\/h1>\t\t\t\t<\/div>\n\t\t\t\t<\/div>\n\t\t\t\t<div class=\"elementor-element elementor-element-0125567 elementor-widget elementor-widget-text-editor\" data-id=\"0125567\" data-element_type=\"widget\" data-e-type=\"widget\" data-widget_type=\"text-editor.default\">\n\t\t\t\t<div class=\"elementor-widget-container\">\n\t\t\t\t\t\t\t\t\t<div class=\"row\"><div class=\"col-xl-10 mx-auto\"><div class=\"paper\"><header class=\"text-center\"><h2 class=\"m-auto\">POL\u00cdTICA DE PRIVACITAT DEL LLOC WEB<\/h2><h4>\u00a0<\/h4><\/header><div><h3>I. POL\u00cdTICA de PRIVACITAT I PROTECCI\u00d3 de DADES<\/h3><p>D&#039;acord amb la legislaci\u00f3 vigent, (d&#039;ara endavant, tamb\u00e9 lloc Web) que es compromet a adoptar les mesures t\u00e8cniques i organitzatives necess\u00e0ries, segons el nivell de seguretat apropiat al risc de les dades recollides.<\/p><h4>Les lleis que incorpora aquesta pol\u00edtica de privacitat<\/h4><p>Aquesta pol\u00edtica de privacitat s&#039;adapta a la legislaci\u00f3 espanyola i europea vigent en la mat\u00e8ria de protecci\u00f3 de dades personals a internet. En particular, respecta les regles seg\u00fcents:<\/p><ul><li>Reglament (UE) 2016\/679 del Parlament Europeu i del Consell, de 27 d&#039;abril de 2016 a la protecci\u00f3 de les persones f\u00edsiques pel que fa al tractament de dades personals i a la lliure circulaci\u00f3 d&#039;aquestes dades (RGPD).<\/li><li>La Llei Org\u00e0nica 3\/2018, de 5 de desembre, de Protecci\u00f3 de Dades Personals i la garantia de drets digitals (LOPD-GDD).<\/li><li>El Reial Decret 1720\/2007, de 21 de desembre, pel qual s&#039;aprova el Reglament de desenvolupament de la Llei Org\u00e0nica 15\/1999, de 13 de desembre, de Protecci\u00f3 de Dades de car\u00e0cter Personal (RDLOPD).<\/li><li>La Llei 34\/2002, de 11 de juliol, de Serveis de la Societat de la Informaci\u00f3 i de Comer\u00e7 Electr\u00f2nic (la LSSI-CE).<\/li><\/ul><h4>La identitat del responsable del tractament de dades personals<\/h4><p>El responsable del tractament de dades de car\u00e0cter personal recollides a \u00e9s: , amb NIF: (d&#039;ara endavant, el controlador). Les seves dades de contacte s\u00f3n les seg\u00fcents:<\/p><p class=\"ng-hide\">El responsable del tractament de dades de car\u00e0cter personal recollides a \u00e9s: , amb NIF\/CIF: i matriculats en: amb les seg\u00fcents dades de registre: , representant de la qual \u00e9s: (d&#039;ara endavant, el controlador). Les seves dades de contacte s\u00f3n les seg\u00fcents:<\/p><p>Adre\u00e7a: <span class=\"blanc-space ng-binding\">Carrer Mart, n\u00famero 18, 2n 2a, Sant Adri\u00e0 del Bes\u00f2s, Barcelona, 08930<\/span><\/p><p>Contacte tel\u00e8fon: <span class=\"blanc-space ng-binding\">+34654942082<\/span><\/p><p class=\"ng-hide\">Fax:<\/p><p>Correu De Contacte: <span class=\"blanc-space ng-binding\">jorge.a.castro@hotmail.com<\/span><\/p><h4>El registre de Dades Personals<\/h4><p>En compliment del que s&#039;estableix en el RGPD i la LOPD-GDD, l&#039;informem que les dades personals recollides mitjan\u00e7ant els formularis estesa en les seves p\u00e0gines, seran incorporades i seran tractades en el nostre fitxer per tal de facilitar, agilitzar i complir els compromisos establerts entre l&#039;usuari i l&#039;Usuari o el manteniment de la relaci\u00f3 que s&#039;estableix en la forma que aquesta omplir, o a l&#039;adre\u00e7a de la sol\u00b7licitud o de la investigaci\u00f3 de la mateixa. Tamb\u00e9, d&#039;acord amb el que estableix el RGPD i la LOPD-GDD, llevat que l&#039;aplicaci\u00f3 de l&#039;excepci\u00f3 prevista en l&#039;article 30.5 de la RGPD, es guarda un registre de la tramitaci\u00f3 de les activitats que s&#039;especifica, d&#039;acord amb els seus objectius, el processament de les activitats que es duen a terme, i les altres circumst\u00e0ncies previstes en el RGPD.<\/p><h4>Principis aplicables al tractament de dades de car\u00e0cter personal<\/h4><p>El tractament de les dades personals de l&#039;Usuari, s&#039;hauran de presentar a les seg\u00fcents principis establerts en l&#039;article 5 de la RGPD i a l&#039;article 4 i seg\u00fcents de la Llei Org\u00e0nica 3\/2018, de 5 de desembre, de Protecci\u00f3 de Dades Personals i la garantia de drets digitals:<\/p><ul><li>Principi de legalitat, la lleialtat i transpar\u00e8ncia: a requerir en qualsevol moment el consentiment de l&#039;Usuari informaci\u00f3 pr\u00e8via totalment transparent a les finalitats per a les quals les dades personals recollides.<\/li><li>Principi de limitaci\u00f3 de la seva finalitat: dades personals seran recollides per a determinats, expl\u00edcits i leg\u00edtims.<\/li><li>Principi de la minimitzaci\u00f3 de les dades: les dades personals recollides seran nom\u00e9s aquelles estrictament necess\u00e0ries en relaci\u00f3 amb les finalitats per a les quals es tracti.<\/li><li>Principi d&#039;exactitud: les dades personals hauran de ser exactes i estar sempre al dia.<\/li><li>Principi de limitaci\u00f3 de la durada de conservaci\u00f3: les dades personals nom\u00e9s seran mantinguts de manera que permeti la identificaci\u00f3 de l&#039;Usuari durant el temps necessari per a les finalitats del seu tractament.<\/li><li>Principi d&#039;integritat i confidencialitat: les dades personals seran tractades de manera que es garanteixin la seva seguretat i confidencialitat.<\/li><li>Principi de responsabilitat proactiva: el controlador ser\u00e0 responsable de garantir que aquests principis es compleixen.<\/li><\/ul><h4>Les Categories de dades de car\u00e0cter personal<\/h4><p>Les categories de dades que es tracten s\u00f3n nom\u00e9s dades identificatives. En qualsevol cas, s\u00f3n tractats especials categories de dades de car\u00e0cter personal en el sentit de l&#039;article 9 de la RGPD.<\/p><p class=\"ng-hide\">Les categories de dades que es tracten s\u00f3n tant les dades identificatives especial categories de dades de car\u00e0cter personal en el sentit de l&#039;article 9 de la RGPD.<\/p><p class=\"ng-hide\">S&#039;ent\u00e9n com a especials categories de dades de car\u00e0cter personal, les que revelen la ra\u00e7a o l&#039;origen \u00e8tnic, les opinions pol\u00edtiques, religioses o filos\u00f2fiques de creences, o el comer\u00e7-afiliaci\u00f3 sindical, i el tractament de dades gen\u00e8tiques, biom\u00e8tric de dades orientades a identificar \u00fanicament a una persona natural, de dades relatives a la salut o dades sobre la vida sexual o l&#039;orientaci\u00f3 sexual d&#039;una persona f\u00edsica.<\/p><p class=\"ng-hide\">Per al tractament especial de les categories de dades de car\u00e0cter personal, seran necess\u00e0ries en qualsevol cas, el consentiment expr\u00e9s de l&#039;Usuari per a una o per a finalitats m\u00e9s espec\u00edfiques.<\/p><h4>Bases legals per al tractament de dades personals<\/h4><p>La base legal per al tractament de les dades personals constitueix el consentiment expr\u00e9s. vost\u00e8 es compromet a obtenir l&#039;autoritzaci\u00f3 expressa i fefaent per part de l&#039;Usuari al tractament de les seves dades de car\u00e0cter personal, per a una o per a finalitats m\u00e9s espec\u00edfiques.<\/p><p>L&#039;Usuari tindr\u00e0 dret a revocar el seu consentiment en qualsevol moment. Ser\u00e0 tan f\u00e0cil de retirar el consentiment per donar-la. Com a regla general, la revocaci\u00f3 del consentiment no condicionar l&#039;\u00fas de la p\u00e0gina Web.<\/p><p>En les ocasions en que l&#039;Usuari ha o pot proporcionar les seves dades personals a trav\u00e9s de formularis per fer consultes, demanar informaci\u00f3 o per motius relacionats amb el contingut del lloc Web, que ser\u00e0 informat en el cas que la realitzaci\u00f3 de qualsevol d&#039;ells \u00e9s obligat\u00f2ria perqu\u00e8 s\u00f3n imprescindibles per al correcte desenvolupament de l&#039;operaci\u00f3 que es realitza.<\/p><h4>Finalitats del tractament per a les quals les dades personals estan destinats<\/h4><p>Dades personals s\u00f3n recollits i gestionats per la finalitat de poder facilitar, agilitzar i complir els compromisos establerts entre el lloc Web i l&#039;Usuari o el manteniment de la relaci\u00f3 que s&#039;estableix en la forma que aquest darrer ompliu-en o al servei d&#039;una petici\u00f3 o consulta.<\/p><p>Tamb\u00e9, les dades poden ser utilitzades per a una finalitat comercial, de personalitzaci\u00f3, operativa i estad\u00edstica, les finalitats i activitats de l&#039;\u00e0mbit social , aix\u00ed com per a l&#039;extracci\u00f3, emmagatzematge de dades i estudis de marketing per adaptar el Contingut que s&#039;ofereix a l&#039;Usuari, aix\u00ed com a millorar la qualitat, funcionament i navegaci\u00f3 de la p\u00e0gina Web.<\/p><p>En el moment que rebem les dades de car\u00e0cter personal, l&#039;Usuari ser\u00e0 informat sobre l&#039;objectiu o finalitat espec\u00edfica de la tramitaci\u00f3 d&#039;invertir en les dades de car\u00e0cter personal; \u00e9s a dir, l&#039;\u00fas o usos que es facin de les informacions recollides.<\/p><h4>Per\u00edodes de retenci\u00f3 de dades de car\u00e0cter personal<\/h4><p>Les dades personals nom\u00e9s seran retingudes durant el temps m\u00ednim necessari per a les finalitats del seu tractament i, en qualsevol cas, nom\u00e9s durant el seg\u00fcent trimestre , o fins que l&#039;Usuari sol\u00b7liciti la seva cancel\u00b7laci\u00f3.<\/p><p>En el moment que rebem les dades de car\u00e0cter personal, informem a l&#039;Usuari sobre el per\u00edode durant el qual es conservar\u00e0 les dades personals o, quan aix\u00f2 no \u00e9s possible, els criteris emprats per determinar aquest termini.<\/p><h4>Destinataris de les dades de car\u00e0cter personal<\/h4><p class=\"ng-hide\">Dades personals de l&#039;Usuari no seran compartides amb tercers.<\/p><p class=\"ng-hide\">En qualsevol cas, en el moment que rebem les dades de car\u00e0cter personal, l&#039;Usuari ser\u00e0 informat sobre els destinataris o categories de destinataris de les dades de car\u00e0cter personal.<\/p><p>Dades personals de l&#039;Usuari ser\u00e0 compartida amb els seg\u00fcents destinataris o categories de destinataris:<\/p><p class=\"text-wrap ng-binding\">\u00a0<\/p><p>En el cas que el controlador t\u00e9 la intenci\u00f3 de transfer\u00e8ncia de dades de car\u00e0cter personal a un tercer pa\u00eds o organitzaci\u00f3 internacional, en el moment de l&#039;obtenci\u00f3 de les dades de car\u00e0cter personal, l&#039;Usuari ser\u00e0 informat sobre el tercer pa\u00eds o organitzaci\u00f3 internacional per a les quals pretenen la transfer\u00e8ncia de les dades, aix\u00ed com la concurr\u00e8ncia o no d&#039;una adequaci\u00f3 a la decisi\u00f3 de la Comissi\u00f3.<\/p><h4>Dades personals de menors d&#039;edat<\/h4><p>Respectant el que estableixen els articles 8 de la RGPD i 7 de la Llei Org\u00e0nica 3\/2018, de 5 de desembre, de Protecci\u00f3 de Dades Personals i la garantia de drets digitals, nom\u00e9s els majors de 14 anys s\u00f3n capa\u00e7os de donar el seu consentiment per al tractament de les seves dades de car\u00e0cter personal en legal forma . Si aquest \u00e9s menor de 14 anys, ser\u00e0 necessari el consentiment dels pares o tutors per al tractament, i aix\u00f2 nom\u00e9s pot ser considerat leg\u00edtim en la mesura que les mateixes han estat autoritzades.<\/p><h4>Confidencialitat i seguretat de les dades de car\u00e0cter personal<\/h4><p>es compromet a adoptar les mesures t\u00e8cniques i organitzatives necess\u00e0ries, segons el nivell de seguretat apropiat al risc de les dades recollides, de manera que es garanteixin la seguretat de les dades de car\u00e0cter personal i evitar la destrucci\u00f3, p\u00e8rdua o accidental o il\u00b7l\u00edcita de dades de car\u00e0cter personal transmesa, que es conserva o no processats, o la comunicaci\u00f3 o l&#039;acc\u00e9s no autoritzat a aquestes dades.<\/p><p class=\"ng-hide\">La Web compta amb un certificat SSL (Secure Socket Layer), que garanteix que les dades personals que es transmet de forma segura i de manera confidencial, per la transmissi\u00f3 de dades entre el servidor i l&#039;Usuari, i en resposta, totalment xifrat o encriptat.<\/p><p>No obstant aix\u00f2, a causa de no poder assegurar la impregnability d&#039;internet, o la total abs\u00e8ncia de hackers o d&#039;altres que accedir d&#039;una manera fraudulenta de les dades personals, el responsable del tractament t\u00e9 l&#039;obligaci\u00f3 d&#039;informar a l&#039;Usuari sense dilacions indegudes quan es produeix una violaci\u00f3 de la seguretat de les dades de car\u00e0cter personal que es pugui suposar un risc elevat per a les llibertats i drets fonamentals de les persones f\u00edsiques. D&#039;acord amb el que s&#039;estableix a l&#039;article 4 de la RGPD, el terme de la violaci\u00f3 de la seguretat de les dades personals de qualsevol incompliment de la seguretat l\u00edder a la destrucci\u00f3, p\u00e8rdua o accidental o il\u00b7l\u00edcita de dades de car\u00e0cter personal transmesa, que es conserva o no processats, o la comunicaci\u00f3 o l&#039;acc\u00e9s no autoritzat a aquestes dades.<\/p><p>Les dades de car\u00e0cter personal seran tractats com confidencials per la controladora, que es compromet a informar i garantir a trav\u00e9s legal o obligaci\u00f3 contractual que aquest tipus de confidencialitat respecte dels seus treballadors, socis i qualsevol persona a qui vam fer la informaci\u00f3 m\u00e9s accessible.<\/p><h4>Els drets derivats del tractament de dades personals<\/h4><p>L&#039;Usuari, i pot, per tant, va exercir en contra de la Responsable del tractament de les seg\u00fcents drets reconeguts en el RGPD i de la Llei Org\u00e0nica 3\/2018, de 5 de desembre, de Protecci\u00f3 de Dades Personals i la garantia de drets digitals:<\/p><ul><li><i>Dret d&#039;acc\u00e9s:<\/i> \u00c9s l&#039;Usuari el dret a obtenir la confirmaci\u00f3 de si vost\u00e8 est\u00e0 tractant o no de les seves dades personals i, si \u00e9s aix\u00ed, per obtenir informaci\u00f3 sobre les seves dades espec\u00edfiques de car\u00e0cter personal i de tractament que s&#039;han realitzat o realitzen, aix\u00ed com, entre altres, la informaci\u00f3 disponible sobre l&#039;origen d&#039;aquestes dades i dels destinataris de les comunicacions realitzades o previstes, de la mateixa.<\/li><li><i>Dret de rectificaci\u00f3:<\/i> \u00c9s el dret de l&#039;Usuari modificar les seves dades de car\u00e0cter personal que s\u00f3n inexactes o, tenint en compte les finalitats del tractament, incompleta.<\/li><li><i>Dret a cancel\u00b7laci\u00f3 (&#034;dret a l&#039;oblit&#034;):<\/i> \u00c9s el dret de l&#039;Usuari, sempre que la legislaci\u00f3 vigent no estableix el contrari, per obtenir la cancel\u00b7laci\u00f3 de les seves dades de car\u00e0cter personal quan aquestes no s\u00f3n necessaris per a la finalitat per a la qual haguessin estat recaptats o processats; l&#039;Usuari ha retirat el seu consentiment al tractament, i aix\u00f2 no t\u00e9 un altre fonament jur\u00eddic; l&#039;Usuari objectes per a aquests tractaments, i no hi ha cap altre motiu leg\u00edtim per a procedir a la mateixa; les dades de car\u00e0cter personal han estat injustament tractades; les dades de car\u00e0cter personal han de ser suprimida en compliment d&#039;una obligaci\u00f3 legal; o les dades personals s&#039;han obtingut, el producte d&#039;una relaci\u00f3 directa oferta de serveis de la societat de la informaci\u00f3 a un menor de 14 anys. A m\u00e9s a m\u00e9s de l&#039;eliminaci\u00f3 de les dades, el responsable del tractament, tenint en compte la tecnologia disponible i el cost de la implantaci\u00f3, han de prendre les mesures raonables per informar els responsables pol\u00edtics que estan tractant les dades personals de les dades de la sol\u00b7licitud a la supressi\u00f3 de qualsevol enlla\u00e7os a aquest tipus de dades de car\u00e0cter personal.<\/li><li><i>Dret a la limitaci\u00f3 del tractament:<\/i> \u00c9s l&#039;Usuari el dret de limitar el tractament de les seves dades de car\u00e0cter personal. L&#039;Usuari t\u00e9 dret a obtenir la limitaci\u00f3 de processament quan s&#039;concurs de l&#039;exactitud de les seves dades de car\u00e0cter personal, el tractament \u00e9s il\u00b7legal; el controlador ja no \u00e9s el de les necessitats de les dades personals, per\u00f2 l&#039;Usuari necessita per a fer reclamacions; i quan l&#039;Usuari hagi oposici\u00f3 al tractament.<\/li><li><i>Dret a la portabilitat de les dades:<\/i> En el cas que el tractament es realitza de manera automatitzada, vost\u00e8 t\u00e9 dret a rebre del responsable del tractament de les seves dades personals en un format estructurat, d&#039;\u00fas com\u00fa i mec\u00e0nica de la lectura, i per transmetre-les a un altre responsable del tractament. Si t\u00e8cnicament \u00e9s possible, el controlador es transmeten les dades directament a un altre responsable.<\/li><li><i>Dret d&#039;oposici\u00f3:<\/i> \u00c9s l&#039;Usuari el dret a no dur a terme el tractament de les seves dades de car\u00e0cter personal o cessament en el tractament de les mateixes .<\/li><li><i>Dret a no ser sotm\u00e8s a una decisi\u00f3 basada \u00fanicament en el seu tractament automatitzat, incloent-hi an\u00e0lisis:<\/i> \u00c9s l&#039;Usuari el dret a no ser sotm\u00e8s a un individualitzat decisi\u00f3 basada \u00fanicament en el tractament automatitzat de les seves dades personals, incloent-hi l&#039;elaboraci\u00f3 de perfils existents, llevat que la llei disposi una altra cosa.<\/li><\/ul><p>Aix\u00ed, l&#039;Usuari podr\u00e0 exercir els seus drets mitjan\u00e7ant comunicaci\u00f3 escrita dirigida al Responsable del tractament, amb la refer\u00e8ncia &#034;RGPD-&#034;, especificant:<\/p><ul><li>Nom, cognoms de l&#039;Usuari i c\u00f2pia del DNI. En els casos en qu\u00e8 permet la representaci\u00f3, tamb\u00e9 ser\u00e0 necessari identificar-se mitjan\u00e7ant el mateix mitj\u00e0 de la persona que representa l&#039;Usuari, aix\u00ed com el document acreditatiu de la representaci\u00f3. La fotoc\u00f2pia de la targeta d&#039;IDENTIFICACI\u00d3 pot ser substitu\u00eft per qualsevol altre mitj\u00e0 de prova v\u00e0lid d&#039;identitat.<\/li><li>Sol\u00b7licitud espec\u00edfica els motius de la sol\u00b7licitud o de la informaci\u00f3 que voleu accedir.<\/li><li>Adre\u00e7a per a notificacions.<\/li><li>Data i signatura de la persona sol\u00b7licitant.<\/li><li>Tots els document que confirmi la petici\u00f3 realitzada.<\/li><\/ul><p>Aquesta sol\u00b7licitud i qualsevol altre document en aquest document s&#039;enviar\u00e0 a la seg\u00fcent adre\u00e7a i\/o correu electr\u00f2nic:<\/p><p>Adre\u00e7a Postal: <span class=\"blanc-space ng-binding\">Carrer Mart, n\u00famero 18, 2n 2a, Sant Adri\u00e0 del Bes\u00f2s, Barcelona, 08930<\/span><\/p><p>E-mail: <span class=\"blanc-space ng-binding\">jorge.a.castro@hotmail.com<\/span><\/p><h4>Enlla\u00e7os a llocs web de tercers<\/h4><p>El Lloc Web pot incloure enlla\u00e7os o links que permeten l&#039;acc\u00e9s a p\u00e0gines web de terceres parts alienes , i per tant no s\u00f3n operats per . Els titulars d&#039;aquests llocs web tindr\u00e0 la seva pr\u00f2pia protecci\u00f3 de dades pol\u00edtiques, ser ells mateixos, en cada cas, responsables dels seus propis fitxers i de les seves pr\u00f2pies pr\u00e0ctiques de privadesa.<\/p><h4>Les queixes per l&#039;autoritat supervisora<\/h4><p>En caso de que el Usuario considere que existe un problema o infracci\u00f3n de la normativa vigente en la forma en la que se est\u00e1n tratando sus datos personales, tendr\u00e1 derecho a la tutela judicial efectiva y a presentar una reclamaci\u00f3n ante una autoridad de control, en particular, en el Estado en el que tenga su residencia habitual, lugar de trabajo o lugar de la supuesta infracci\u00f3n. En el caso de Espa\u00f1a, la autoridad de control es la Agencia Espa\u00f1ola de Protecci\u00f3n de Datos (https:\/\/www.aepd.es\/).<\/p><h3>II. ACCEPTACI\u00d3 I CANVIS A AQUESTA POL\u00cdTICA DE PRIVACITAT<\/h3><p>\u00c9s necessari que l&#039;Usuari ha llegit i est\u00e0 conforme amb les condicions sobre la protecci\u00f3 de dades de car\u00e0cter personal contingudes en aquesta Pol\u00edtica de Privacitat, aix\u00ed com acceptar el tractament de les seves dades personals per a les controlador per a procedir amb la mateixa en la forma, els terminis i per a les finalitats indicades. L&#039;\u00fas del lloc Web implica l&#039;acceptaci\u00f3 de la Pol\u00edtica de Privacitat de la mateixa.<\/p><p>es reserva el dret de modificar la seva Pol\u00edtica de Privadesa, segons els seus propis criteris o motivat per un canvi legislatiu, jurisprudencial o doctrinal de l&#039;Ag\u00e8ncia espanyola de Protecci\u00f3 de Dades. Qualsevol canvi o actualitzaci\u00f3 d&#039;aquesta Pol\u00edtica de Privacitat no ser\u00e0 notificat de forma expl\u00edcita a l&#039;Usuari. L&#039;Usuari es recomana consultar peri\u00f2dicament aquesta p\u00e0gina estar al dia de les novetats o actualitzacions.<\/p><p>Aquesta Pol\u00edtica de Privacitat es va actualitzar per adaptar-la al Reglament (UE) 2016\/679 del Parlament Europeu i del Consell, de 27 d&#039;abril de 2016 a la protecci\u00f3 de les persones f\u00edsiques pel que fa al tractament de dades personals i a la lliure circulaci\u00f3 d&#039;aquestes dades (RGPD) i la Llei Org\u00e0nica 3\/2018, de 5 de desembre, de Protecci\u00f3 de Dades Personals i la garantia de drets digitals.<\/p><p>Aquesta Pol\u00edtica de Privacitat document des d&#039;un lloc web ha estat creat pel generador <a class=\"text-body text-decoration-none\" href=\"https:\/\/textos-legales.edgartamarit.com\/\">plantilla pol\u00edtica de privacitat de la web gratis<\/a> en l\u00ednia el dia 16\/07\/2025.<\/p><\/div><\/div><\/div><\/div>\t\t\t\t\t\t\t\t<\/div>\n\t\t\t\t<\/div>\n\t\t\t\t\t<\/div>\n\t\t\t\t<\/div>\n\t\t\t\t<\/div>","protected":false},"excerpt":{"rendered":"<p>POL\u00cdTICA DE PRIVACIDAD DEL SITIO WEB \u00a0 I. POL\u00cdTICA DE PRIVACIDAD Y PROTECCI\u00d3N DE DATOS Respetando lo establecido en la legislaci\u00f3n vigente, (en adelante, tambi\u00e9n Sitio Web) se compromete a adoptar las medidas t\u00e9cnicas y organizativas necesarias, seg\u00fan el nivel de seguridad adecuado al riesgo de los datos recogidos. Leyes que incorpora esta pol\u00edtica de [&hellip;]<\/p>\n","protected":false},"author":2,"featured_media":0,"parent":0,"menu_order":0,"comment_status":"closed","ping_status":"open","template":"elementor_header_footer","meta":{"footnotes":""},"class_list":["post-17","page","type-page","status-publish","hentry"],"yoast_head":"<!-- This site is optimized with the Yoast SEO plugin v27.5 - https:\/\/yoast.com\/product\/yoast-seo-wordpress\/ -->\n<title>Pol\u00edtica de privacidad - C\u00eda. Batiska<\/title>\n<meta name=\"robots\" content=\"noindex, follow\" \/>\n<meta property=\"og:locale\" content=\"ca_ES\" \/>\n<meta property=\"og:type\" content=\"article\" \/>\n<meta property=\"og:title\" content=\"Pol\u00edtica de privacidad - C\u00eda. Batiska\" \/>\n<meta property=\"og:description\" content=\"POL\u00cdTICA DE PRIVACIDAD DEL SITIO WEB \u00a0 I. POL\u00cdTICA DE PRIVACIDAD Y PROTECCI\u00d3N DE DATOS Respetando lo establecido en la legislaci\u00f3n vigente, (en adelante, tambi\u00e9n Sitio Web) se compromete a adoptar las medidas t\u00e9cnicas y organizativas necesarias, seg\u00fan el nivel de seguridad adecuado al riesgo de los datos recogidos. Leyes que incorpora esta pol\u00edtica de [&hellip;]\" \/>\n<meta property=\"og:url\" content=\"https:\/\/ciabatiska.com\/ca\/privacidad\/\" \/>\n<meta property=\"og:site_name\" content=\"C\u00eda. Batiska\" \/>\n<meta property=\"article:modified_time\" content=\"2025-07-16T13:01:04+00:00\" \/>\n<meta name=\"twitter:card\" content=\"summary_large_image\" \/>\n<meta name=\"twitter:label1\" content=\"Temps estimat de lectura\" \/>\n\t<meta name=\"twitter:data1\" content=\"13 minuts\" \/>\n<script type=\"application\/ld+json\" class=\"yoast-schema-graph\">{\"@context\":\"https:\\\/\\\/schema.org\",\"@graph\":[{\"@type\":\"WebPage\",\"@id\":\"https:\\\/\\\/ciabatiska.com\\\/privacidad\\\/\",\"url\":\"https:\\\/\\\/ciabatiska.com\\\/privacidad\\\/\",\"name\":\"Pol\u00edtica de privacidad - C\u00eda. Batiska\",\"isPartOf\":{\"@id\":\"https:\\\/\\\/ciabatiska.com\\\/#website\"},\"datePublished\":\"2025-01-27T07:51:41+00:00\",\"dateModified\":\"2025-07-16T13:01:04+00:00\",\"breadcrumb\":{\"@id\":\"https:\\\/\\\/ciabatiska.com\\\/privacidad\\\/#breadcrumb\"},\"inLanguage\":\"ca\",\"potentialAction\":[{\"@type\":\"ReadAction\",\"target\":[\"https:\\\/\\\/ciabatiska.com\\\/privacidad\\\/\"]}]},{\"@type\":\"BreadcrumbList\",\"@id\":\"https:\\\/\\\/ciabatiska.com\\\/privacidad\\\/#breadcrumb\",\"itemListElement\":[{\"@type\":\"ListItem\",\"position\":1,\"name\":\"Portada\",\"item\":\"https:\\\/\\\/ciabatiska.com\\\/\"},{\"@type\":\"ListItem\",\"position\":2,\"name\":\"Pol\u00edtica de privacidad\"}]},{\"@type\":\"WebSite\",\"@id\":\"https:\\\/\\\/ciabatiska.com\\\/#website\",\"url\":\"https:\\\/\\\/ciabatiska.com\\\/\",\"name\":\"C\u00eda. Batiska\",\"description\":\"espacio donde la danza y el circo se entrelazan para crear espect\u00e1culos memorables y talleres llenos de creatividad y movimiento.\",\"potentialAction\":[{\"@type\":\"SearchAction\",\"target\":{\"@type\":\"EntryPoint\",\"urlTemplate\":\"https:\\\/\\\/ciabatiska.com\\\/?s={search_term_string}\"},\"query-input\":{\"@type\":\"PropertyValueSpecification\",\"valueRequired\":true,\"valueName\":\"search_term_string\"}}],\"inLanguage\":\"ca\"}]}<\/script>\n<!-- \/ Yoast SEO plugin. -->","yoast_head_json":{"title":"Pol\u00edtica de privacidad - C\u00eda. Batiska","robots":{"index":"noindex","follow":"follow"},"og_locale":"ca_ES","og_type":"article","og_title":"Pol\u00edtica de privacidad - C\u00eda. Batiska","og_description":"POL\u00cdTICA DE PRIVACIDAD DEL SITIO WEB \u00a0 I. POL\u00cdTICA DE PRIVACIDAD Y PROTECCI\u00d3N DE DATOS Respetando lo establecido en la legislaci\u00f3n vigente, (en adelante, tambi\u00e9n Sitio Web) se compromete a adoptar las medidas t\u00e9cnicas y organizativas necesarias, seg\u00fan el nivel de seguridad adecuado al riesgo de los datos recogidos. Leyes que incorpora esta pol\u00edtica de [&hellip;]","og_url":"https:\/\/ciabatiska.com\/ca\/privacidad\/","og_site_name":"C\u00eda. Batiska","article_modified_time":"2025-07-16T13:01:04+00:00","twitter_card":"summary_large_image","twitter_misc":{"Temps estimat de lectura":"13 minuts"},"schema":{"@context":"https:\/\/schema.org","@graph":[{"@type":"WebPage","@id":"https:\/\/ciabatiska.com\/privacidad\/","url":"https:\/\/ciabatiska.com\/privacidad\/","name":"Pol\u00edtica de privacidad - C\u00eda. Batiska","isPartOf":{"@id":"https:\/\/ciabatiska.com\/#website"},"datePublished":"2025-01-27T07:51:41+00:00","dateModified":"2025-07-16T13:01:04+00:00","breadcrumb":{"@id":"https:\/\/ciabatiska.com\/privacidad\/#breadcrumb"},"inLanguage":"ca","potentialAction":[{"@type":"ReadAction","target":["https:\/\/ciabatiska.com\/privacidad\/"]}]},{"@type":"BreadcrumbList","@id":"https:\/\/ciabatiska.com\/privacidad\/#breadcrumb","itemListElement":[{"@type":"ListItem","position":1,"name":"Portada","item":"https:\/\/ciabatiska.com\/"},{"@type":"ListItem","position":2,"name":"Pol\u00edtica de privacidad"}]},{"@type":"WebSite","@id":"https:\/\/ciabatiska.com\/#website","url":"https:\/\/ciabatiska.com\/","name":"C\u00eda. Batiska","description":"espacio donde la danza y el circo se entrelazan para crear espect\u00e1culos memorables y talleres llenos de creatividad y movimiento.","potentialAction":[{"@type":"SearchAction","target":{"@type":"EntryPoint","urlTemplate":"https:\/\/ciabatiska.com\/?s={search_term_string}"},"query-input":{"@type":"PropertyValueSpecification","valueRequired":true,"valueName":"search_term_string"}}],"inLanguage":"ca"}]}},"_links":{"self":[{"href":"https:\/\/ciabatiska.com\/ca\/wp-json\/wp\/v2\/pages\/17","targetHints":{"allow":["GET"]}}],"collection":[{"href":"https:\/\/ciabatiska.com\/ca\/wp-json\/wp\/v2\/pages"}],"about":[{"href":"https:\/\/ciabatiska.com\/ca\/wp-json\/wp\/v2\/types\/page"}],"author":[{"embeddable":true,"href":"https:\/\/ciabatiska.com\/ca\/wp-json\/wp\/v2\/users\/2"}],"replies":[{"embeddable":true,"href":"https:\/\/ciabatiska.com\/ca\/wp-json\/wp\/v2\/comments?post=17"}],"version-history":[{"count":8,"href":"https:\/\/ciabatiska.com\/ca\/wp-json\/wp\/v2\/pages\/17\/revisions"}],"predecessor-version":[{"id":1319,"href":"https:\/\/ciabatiska.com\/ca\/wp-json\/wp\/v2\/pages\/17\/revisions\/1319"}],"wp:attachment":[{"href":"https:\/\/ciabatiska.com\/ca\/wp-json\/wp\/v2\/media?parent=17"}],"curies":[{"name":"wp","href":"https:\/\/api.w.org\/{rel}","templated":true}]}}